{"id":1530,"date":"2021-12-10T16:03:54","date_gmt":"2021-12-10T16:03:54","guid":{"rendered":"https:\/\/visitholar.is\/gongur-i-nagrenni-hola\/"},"modified":"2021-12-29T16:24:19","modified_gmt":"2021-12-29T16:24:19","slug":"gongur-i-nagrenni-hola","status":"publish","type":"page","link":"https:\/\/visitholar.is\/is\/gongur-i-nagrenni-hola\/","title":{"rendered":"G\u00f6ngur \u00ed n\u00e1grenni H\u00f3la"},"content":{"rendered":"\t\t<div data-elementor-type=\"wp-page\" data-elementor-id=\"1530\" class=\"elementor elementor-1530 elementor-1242\" data-elementor-post-type=\"page\">\n\t\t\t\t\t\t<section class=\"elementor-section elementor-top-section elementor-element elementor-element-ddc7043 elementor-section-boxed elementor-section-height-default elementor-section-height-default\" data-id=\"ddc7043\" data-element_type=\"section\" data-e-type=\"section\">\n\t\t\t\t\t\t<div class=\"elementor-container elementor-column-gap-default\">\n\t\t\t\t\t<div class=\"elementor-column elementor-col-100 elementor-top-column elementor-element elementor-element-80245fb\" data-id=\"80245fb\" data-element_type=\"column\" data-e-type=\"column\">\n\t\t\t<div class=\"elementor-widget-wrap elementor-element-populated\">\n\t\t\t\t\t\t<div class=\"elementor-element elementor-element-90ec719 elementor-widget elementor-widget-image\" data-id=\"90ec719\" data-element_type=\"widget\" data-e-type=\"widget\" data-widget_type=\"image.default\">\n\t\t\t\t<div class=\"elementor-widget-container\">\n\t\t\t\t\t\t\t\t\t\t\t\t\t\t\t<img fetchpriority=\"high\" decoding=\"async\" width=\"605\" height=\"666\" src=\"https:\/\/visitholar.is\/wp-content\/uploads\/Untitled-2.gif\" class=\"attachment-large size-large wp-image-1248\" alt=\"\" \/>\t\t\t\t\t\t\t\t\t\t\t\t\t\t\t<\/div>\n\t\t\t\t<\/div>\n\t\t\t\t\t<\/div>\n\t\t<\/div>\n\t\t\t\t\t<\/div>\n\t\t<\/section>\n\t\t\t\t<section class=\"elementor-section elementor-top-section elementor-element elementor-element-7795492 elementor-section-boxed elementor-section-height-default elementor-section-height-default\" data-id=\"7795492\" data-element_type=\"section\" data-e-type=\"section\">\n\t\t\t\t\t\t<div class=\"elementor-container elementor-column-gap-default\">\n\t\t\t\t\t<div class=\"elementor-column elementor-col-100 elementor-top-column elementor-element elementor-element-b308ee0\" data-id=\"b308ee0\" data-element_type=\"column\" data-e-type=\"column\">\n\t\t\t<div class=\"elementor-widget-wrap elementor-element-populated\">\n\t\t\t\t\t\t<div class=\"elementor-element elementor-element-cd8baa1 elementor-widget elementor-widget-text-editor\" data-id=\"cd8baa1\" data-element_type=\"widget\" data-e-type=\"widget\" data-widget_type=\"text-editor.default\">\n\t\t\t\t<div class=\"elementor-widget-container\">\n\t\t\t\t\t\t\t\t\t<p>G\u00f6ngugarpar geta vali\u00f0 \u00far fj\u00f6lda dagsfer\u00f0a fr\u00e1 H\u00f3lum en \u00fea\u00f0an liggja b\u00e6\u00f0i merktar lei\u00f0ir og \u00f3merktar, stuttar sem langar.<\/p>\n<p><strong>S\u00f6gusl\u00f3\u00f0in<\/strong><br \/>\nFyrir styttri fer\u00f0ir er tilvali\u00f0 byrja \u00e1 S\u00f6gusl\u00f3\u00f0inni. H\u00fan er merkt g\u00f6ngulei\u00f0 umhverfis H\u00f3la sem hentar flestum, ungum sem \u00f6ldnum. Til a\u00f0 f\u00e1 sem mest \u00fat \u00far \u00feeirri g\u00f6ngu er gott a\u00f0 ver\u00f0a s\u00e9r \u00fati um lei\u00f0ab\u00e6klinginn sem heitir <strong>H\u00f3lar \u00ed Hjaltadal \u2013 S\u00f6gusl\u00f3\u00f0.<\/strong><\/p>\n<p>G\u00f6ngulei\u00f0in er merkt me\u00f0 stikum sem eru n\u00famera\u00f0ar fr\u00e1 1 og upp \u00ed 14. \u00cd b\u00e6klingnum er saga \u00feessara 14 sta\u00f0a rakin \u00ed stuttu m\u00e1li, \u00e1samt \u00fdmsu \u00f6\u00f0ru \u00e1hugaver\u00f0u \u00far s\u00f6gu H\u00f3la. <\/p>\n<p><strong>H\u00f3lask\u00f3gur<\/strong><br \/>\nKj\u00f3si f\u00f3lk a\u00f0 fara \u00ed g\u00f6ngufer\u00f0ir um H\u00f3lask\u00f3g og nj\u00f3ta n\u00e1tt\u00farunnar, er h\u00e6gt a\u00f0 ganga v\u00ed\u00f0a, \u00fev\u00ed nokku\u00f0 er af merktum g\u00f6ngust\u00edgum v\u00ed\u00f0s vegar um sk\u00f3ginn, en einnig er h\u00e6gt a\u00f0 ganga eftir sl\u00f3\u00f0a \u00ed mi\u00f0jum sk\u00f3ginum sem tilkominn er vegna nau\u00f0synlegar umfer\u00f0ar v\u00e9lkn\u00fainna t\u00e6kja, vegna vinnu \u00ed sk\u00f3ginum.<\/p>\n<p>H\u00f3lask\u00f3gur er tilvalinn til n\u00e1tt\u00farusko\u00f0unar og n\u00e1tt\u00farut\u00falkunar. \u00dear m\u00e1 sj\u00e1 fj\u00f6lmargar tegundir plantna og margar trj\u00e1tegundir, jafnvel er \u00fear a\u00f0 finna m\u00f6rg kv\u00e6ni af s\u00f6mu tegund trj\u00e1a ef vel er a\u00f0 g\u00e1\u00f0. Fugla- og sm\u00e1d\u00fdral\u00edf er \u00fear einnig miki\u00f0. Sy\u00f0st og efst \u00ed sk\u00f3ginum er s\u00e1 hluti hans sem \u00ed gegnum t\u00ed\u00f0ina hefur veri\u00f0 kalla\u00f0ur Raftahl\u00ed\u00f0, en \u00fea\u00f0 nafn er tilkomi\u00f0 vegna \u00feess a\u00f0 H\u00f3labyr\u00f0a bar \u00e1\u00f0ur nafni\u00f0 Raftahl\u00ed\u00f0.<\/p>\n<p><strong>Gvendarsk\u00e1l<\/strong><br \/>\nUpp \u00ed Gvendarsk\u00e1l er um 1,5 \u2013 3 klst gangur fr\u00e1 H\u00f3lum og g\u00f6ngulei\u00f0in \u00ed me\u00f0allagi erfi\u00f0. \u00dear er fr\u00e1b\u00e6rt \u00fats\u00fdni og gaman a\u00f0 koma. Gestir eiga \u00feess kost a\u00f0 ganga s\u00f6mu lei\u00f0 og tali\u00f0 er a\u00f0 Gu\u00f0mundur g\u00f3\u00f0i Arason, hafi gengi\u00f0 \u00feegar hann f\u00f3r \u00feanga\u00f0 upp til b\u00e6na. Enn s\u00e9st m\u00f3ta fyrir fornu gar\u00f0lagi \u00ed ur\u00f0inni ni\u00f0ur fr\u00e1 sk\u00e1labr\u00faninni \u00fear sem tali\u00f0 er a\u00f0 hafi veri\u00f0 g\u00f6ngulei\u00f0 Gu\u00f0mundar \u00feegar snj\u00f3\u00feungt var.<\/p>\n<p>Uppi \u00ed sk\u00e1linni er bjarg eitt sem heitir Gvendaraltari og er tali\u00f0 a\u00f0 \u00fear hafi Gu\u00f0mundur g\u00f3\u00f0i fari\u00f0 me\u00f0 b\u00e6nir s\u00ednar. \u00deessar minjar eru n\u00fa fri\u00f0l\u00fdstar. Lei\u00f0in upp \u00ed Gvendarsk\u00e1l er stiku\u00f0, \u00feannig a\u00f0 ekki \u00e1 a\u00f0 vera h\u00e6tta \u00e1 a\u00f0 f\u00f3lk fari ranga lei\u00f0.<\/p>\n<p><em>Kj\u00f3si f\u00f3lk a\u00f0 fara eftir \u00feeirri lei\u00f0 sem b\u00fai\u00f0 er a\u00f0 merkja er \u00e6skilegt a\u00f0 hefja f\u00f6rina heima vi\u00f0 sk\u00f3lah\u00fasi\u00f0 \u00e1 H\u00f3lum en \u00e1 su\u00f0urenda byggingarinnar, skammt fr\u00e1 innganginum \u00fear sem fer\u00f0a\u00fej\u00f3nustan er me\u00f0 afgrei\u00f0slu, er a\u00f0 finna kort sem s\u00fdnir \u00fe\u00e6r g\u00f6ngulei\u00f0ir sem eru stika\u00f0ar \u00ed n\u00e1grenni H\u00f3la og einnig nokkrar til vi\u00f0b\u00f3tar sem ekki eru stika\u00f0ar.<\/em><\/p>\n<p>Vilji f\u00f3lk halda \u00ed lengri g\u00f6ngufer\u00f0ir er tilvali\u00f0 a\u00f0 fara upp \u00far Gvendarsk\u00e1l, fram Grj\u00f3t\u00e1rdal, sem liggur \u00e1 bak vi\u00f0 H\u00f3labyr\u00f0u og \u00fea\u00f0an upp \u00e1 topp fjallsins. \u00dea\u00f0an er st\u00f3rkostlegt \u00fats\u00fdni enda er H\u00f3labyr\u00f0an 1244 m h\u00e1 og gn\u00e6fir yfir \u00f6nnur fj\u00f6ll \u00ed kring. \u00deessi lei\u00f0 er merkt inn \u00e1 \u00e1\u00f0urnefnt g\u00f6ngulei\u00f0akort sem gert var fyrir Fer\u00f0a\u00fej\u00f3nustuna \u00e1 H\u00f3lum. \u00c1\u00e6tla\u00f0 er a\u00f0 g\u00f6ngut\u00edmi s\u00e9 4 \u2013 6 klukkustundir en gangan er \u00ed me\u00f0allagi erfi\u00f0.<\/p>\n<p>\u00deri\u00f0ja g\u00f6ngulei\u00f0in \u00ed H\u00f3labyr\u00f0u sem merkt er inn \u00e1 fyrrnefnt kort, er lei\u00f0in upp \u00ed n\u00e1mu \u00fe\u00e1 sem byggingarefni H\u00f3lakirkju var s\u00f3tt \u00ed, en h\u00fan var bygg\u00f0 \u00e1 \u00e1runum 1757 \u2013 1763. \u00deanga\u00f0 var einnig s\u00f3tt efni er kirkjan var endurb\u00e6tt \u00e1 \u00e1runum 1989 \u2013 1990. \u00deessi ganga er tilt\u00f6lulega au\u00f0veld og tekur um 1,5 \u2013 2 klst.<\/p>\n<p>Af \u00f6\u00f0rum g\u00f6ngulei\u00f0um sem eru stika\u00f0ar m\u00e1 t.d. nefna lei\u00f0 sem er til a\u00f0 byrja me\u00f0 s\u00fa sama og ef fari\u00f0 er upp Gvendarsk\u00e1l, en beygir til nor\u00f0urs fyrir ofan sk\u00f3ginn \u00ed Raftahl\u00ed\u00f0 og liggur me\u00f0fram gir\u00f0ingu, \u00ed \u00e1ttina \u00fat a\u00f0 V\u00ed\u00f0ines\u00e1, en yfir hana hefur veri\u00f0 l\u00f6g\u00f0 g\u00f6ngubr\u00fa. Fr\u00e1 g\u00f6ngubr\u00fanni er svo \u00fe\u00e6gilegt a\u00f0 ganga upp \u00e1 fjalli\u00f0 Elli\u00f0a en \u00fea\u00f0an er gott \u00fats\u00fdni m.a. yfir Kolbeinsdal. \u00deessi lei\u00f0 er stiku\u00f0 yfir V\u00ed\u00f0ines\u00e1 en seinni hlutinn er a\u00f0eins merktur \u00e1 kort \u00fea\u00f0 sem \u00e1\u00f0ur er geti\u00f0.<\/p>\n<p>Kj\u00f3si menn a\u00f0 fara lengri lei\u00f0 er h\u00e6gt a\u00f0 fara fram V\u00ed\u00f0inesdal, \u00feegar komi\u00f0 er yfir fyrrnefnda g\u00f6ngubr\u00fa \u00e1 V\u00ed\u00f0ines\u00e1. Ef gengi\u00f0 er fram \u00ed botn \u00e1 V\u00ed\u00f0inesdal, er komi\u00f0 \u00e1 svokalla\u00f0an Almenningsh\u00e1ls sem liggur \u00e1 milli Elli\u00f0a og \u00c1rmannsfells. S\u00e9 fari\u00f0 yfir hann, er komi\u00f0 ni\u00f0ur \u00ed Kolbeinsdal, en \u00fe\u00e6gilegt er a\u00f0 ganga ni\u00f0ur hann, fram hj\u00e1 gangnamanna- og sumarh\u00fasinu \u00e1 Fjalli, s\u00ed\u00f0an yfir H\u00e1lsgr\u00f3f og ni\u00f0ur a\u00f0 V\u00ed\u00f0inesi og \u00fea\u00f0an heim til H\u00f3la. H\u00e6gt er a\u00f0 komast \u00e1 b\u00edl yfir \u00ed Fjall \u00ed Kolbeinsdal og \u00feannig a\u00f0 stytta lei\u00f0ina ef menn hafa einhvern til a\u00f0 keyra s\u00e9r. \u00c1 \u00feessari lei\u00f0 er allmiki\u00f0 um nafnkennd kennileiti, b\u00e6\u00f0i \u00far fyrrit\u00edma heimildum og \u00far \u00fej\u00f3\u00f0s\u00f6gum. \u00deessi lei\u00f0 er mj\u00f6g grei\u00f0 og au\u00f0farin, \u00fev\u00ed ekki ver\u00f0a neinar alvarlegar torf\u00e6rur \u00e1 lei\u00f0 manna, \u00fe\u00f3 geta menn lent \u00ed d\u00e1l\u00edtilli m\u00fdri fram \u00e1 Almenningsh\u00e1lsi. \u00deessi lei\u00f0 er hvorki stiku\u00f0 n\u00e9 merkt inn \u00e1 g\u00f6ngukort en au\u00f0r\u00f6tu\u00f0 \u00ed bj\u00f6rtu, hafi menn fengi\u00f0 lei\u00f0arl\u00fdsingu \u00e1\u00f0ur en lagt er af sta\u00f0.<\/p>\n<p>Ein af \u00feeim lei\u00f0um, \u00ed n\u00e1grenni H\u00f3la, sem er merkt inn \u00e1 g\u00f6ngulei\u00f0akort \u00fea\u00f0 sem \u00e1\u00f0ur var geti\u00f0, er lei\u00f0in fr\u00e1 H\u00f3lum, fram hj\u00e1 fiskeldisst\u00f6\u00f0inni H\u00f3lalaxi, fram \u00ed Hagakot og \u00fea\u00f0an upp \u00e1 \u00der\u00edhyrninga, sem er fjalli\u00f0 fyrir ofan Hagakot. \u00c1 Hagakoti var b\u00fai\u00f0 til \u00e1rsins 1882 en sagt er a\u00f0 \u00fear hafi fl\u00f6kkuma\u00f0ur einn, sem kalla\u00f0ur var Siggi, l\u00e1ti\u00f0 l\u00edfi\u00f0 \u00ed strompnum \u00e1 b\u00e6num er hann reyndi a\u00f0 komast inn \u00fer\u00e1tt fyrir a\u00f0 h\u00fasm\u00f3\u00f0irin sem var ein heima hef\u00f0i loka\u00f0 b\u00e6num \u00fear sem h\u00fan \u00f3ska\u00f0i ekki komu hans. F\u00e9kk hann eftir \u00fea\u00f0 vi\u00f0urnefni\u00f0 Siggi strompur og segir sagan a\u00f0 hann gangi enn aftur \u00e1 Hagakoti. \u00c1 Hagakoti voru lengi beitarh\u00fas fr\u00e1 H\u00f3lum, allt til \u00e1rsins 1980.<\/p>\n<p>\u00c1 lei\u00f0inni fram \u00ed Hagakot er m.a. gengi\u00f0 fram hj\u00e1 landn\u00e1msj\u00f6r\u00f0inni Hofi en \u00fear bygg\u00f0i Hjalti \u00de\u00f3r\u00f0arson b\u00e6 sinn er hann nam Hjaltadal. \u00c1 Hofi er n\u00fa einnig unni\u00f0 a\u00f0 fornleifauppgreftri.<\/p>\n<p>Allar \u00feessar lei\u00f0ir sem h\u00e9r hafa veri\u00f0 taldar upp eru mj\u00f6g r\u00edkar af s\u00f6gum og \u00fev\u00ed m\u00e1 me\u00f0 sanni segja a\u00f0 \u00feeir sem kj\u00f3sa a\u00f0 nj\u00f3ta g\u00f6ngufer\u00f0a me\u00f0an \u00feeir dvelja \u00e1 H\u00f3lum geti au\u00f0veldlega gengi\u00f0 g\u00f6tur s\u00f6gunnar, hvort sem f\u00f3lk k\u00fds a\u00f0 fara \u00ed lengri e\u00f0a skemmri fer\u00f0ir.<\/p>\n\t\t\t\t\t\t\t\t<\/div>\n\t\t\t\t<\/div>\n\t\t\t\t\t<\/div>\n\t\t<\/div>\n\t\t\t\t\t<\/div>\n\t\t<\/section>\n\t\t\t\t<\/div>\n\t\t","protected":false},"excerpt":{"rendered":"<p>G\u00f6ngugarpar geta vali\u00f0 \u00far fj\u00f6lda dagsfer\u00f0a fr\u00e1 H\u00f3lum en \u00fea\u00f0an liggja b\u00e6\u00f0i merktar lei\u00f0ir og \u00f3merktar, stuttar sem langar. S\u00f6gusl\u00f3\u00f0in Fyrir styttri fer\u00f0ir er tilvali\u00f0 byrja \u00e1 S\u00f6gusl\u00f3\u00f0inni. H\u00fan er merkt g\u00f6ngulei\u00f0 umhverfis H\u00f3la sem hentar flestum, ungum sem \u00f6ldnum. Til a\u00f0 f\u00e1 sem mest \u00fat \u00far \u00feeirri g\u00f6ngu er gott a\u00f0 ver\u00f0a s\u00e9r \u00fati [&hellip;]<\/p>\n","protected":false},"author":4,"featured_media":0,"parent":0,"menu_order":0,"comment_status":"closed","ping_status":"closed","template":"","meta":{"footnotes":""},"class_list":["post-1530","page","type-page","status-publish","hentry"],"_links":{"self":[{"href":"https:\/\/visitholar.is\/is\/wp-json\/wp\/v2\/pages\/1530","targetHints":{"allow":["GET"]}}],"collection":[{"href":"https:\/\/visitholar.is\/is\/wp-json\/wp\/v2\/pages"}],"about":[{"href":"https:\/\/visitholar.is\/is\/wp-json\/wp\/v2\/types\/page"}],"author":[{"embeddable":true,"href":"https:\/\/visitholar.is\/is\/wp-json\/wp\/v2\/users\/4"}],"replies":[{"embeddable":true,"href":"https:\/\/visitholar.is\/is\/wp-json\/wp\/v2\/comments?post=1530"}],"version-history":[{"count":5,"href":"https:\/\/visitholar.is\/is\/wp-json\/wp\/v2\/pages\/1530\/revisions"}],"predecessor-version":[{"id":1564,"href":"https:\/\/visitholar.is\/is\/wp-json\/wp\/v2\/pages\/1530\/revisions\/1564"}],"wp:attachment":[{"href":"https:\/\/visitholar.is\/is\/wp-json\/wp\/v2\/media?parent=1530"}],"curies":[{"name":"wp","href":"https:\/\/api.w.org\/{rel}","templated":true}]}}